{"id":1563,"date":"2022-07-24T14:28:23","date_gmt":"2022-07-24T14:28:23","guid":{"rendered":"http:\/\/www.magnum.com.br\/?page_id=1563"},"modified":"2026-02-23T20:33:55","modified_gmt":"2026-02-23T20:33:55","slug":"ensino-fundamental","status":"publish","type":"page","link":"https:\/\/www.magnum.com.br\/?page_id=1563","title":{"rendered":"ENSINO FUNDAMENTAL ANOS INICIAIS"},"content":{"rendered":"<div class=\"wpb-content-wrapper\"><p>[vc_row][vc_column][vc_column_text css=&#8221;&#8221;]<\/p>\n<div>\n<p>O Ensino Fundamental \u2013 Anos Iniciais \u00e9 marcado por uma forma\u00e7\u00e3o acad\u00eamica consistente, integrada ao desenvolvimento socioemocional e \u00e0 constru\u00e7\u00e3o progressiva da autonomia dos estudantes.<\/p>\n<p>Nossos pilares \u2014\u00a0<strong>Ensino, Forma\u00e7\u00e3o e Viv\u00eancia da Espiritualidade Crist\u00e3<\/strong>\u00a0\u2014 orientam toda a pr\u00e1tica pedag\u00f3gica, unindo conhecimento, valores e prop\u00f3sito de vida no cotidiano escolar.<\/p>\n<p>Contamos com o\u00a0<strong>Programa Bil\u00edngue<\/strong>, que amplia o tempo de aprendizagem e proporciona uma viv\u00eancia significativa da L\u00edngua Inglesa.<\/p>\n<p>Integramos uma rede de escolas associadas da UNESCO comprometida com a excel\u00eancia acad\u00eamica, a cultura da paz, a cidadania global e o desenvolvimento sustent\u00e1vel, ampliando horizontes e oportunidades.<\/p>\n<p>Entre nossos diferenciais formativos, destacam-se as rodas de conversa, as Assembleias de Classe e as media\u00e7\u00f5es de conflito, sempre com foco no respeito, na constru\u00e7\u00e3o de um clima de paz, no desenvolvimento da autonomia moral e na forma\u00e7\u00e3o de sujeitos respons\u00e1veis e conscientes.<\/p>\n<p>As aulas de Forma\u00e7\u00e3o, com material da Educa, os projetos de preven\u00e7\u00e3o ao bullying, os trabalhos liter\u00e1rios, o caderno de literatura no 1\u00ba Ano e a celebra\u00e7\u00e3o de encerramento do ciclo comp\u00f5em uma proposta pedag\u00f3gica que alia excel\u00eancia acad\u00eamica, valores e protagonismo estudantil.<\/p>\n<p>Incentivamos ainda a participa\u00e7\u00e3o nas Olimp\u00edadas do Conhecimento \u2014 como OBMEP, OBA e OBI \u2014 e desenvolvemos projetos autorais que valorizam a escrita, a criatividade e a express\u00e3o dos alunos.<\/p>\n<\/div>\n<div><\/div>\n<p>[\/vc_column_text][vc_btn title=&#8221;Quer receber um contato da escola?&#8221; style=&#8221;custom&#8221; custom_background=&#8221;#004d9d&#8221; custom_text=&#8221;#ffffff&#8221; size=&#8221;lg&#8221; link=&#8221;url:http%3A%2F%2Fwww.magnum.com.br%2F%3Fpage_id%3D841&#8243;][\/vc_column][\/vc_row]<\/p>\n<\/div>","protected":false},"excerpt":{"rendered":"<p>[vc_row][vc_column][vc_column_text css=&#8221;&#8221;] O Ensino Fundamental \u2013 Anos Iniciais \u00e9 marcado por uma forma\u00e7\u00e3o acad\u00eamica consistente, integrada ao desenvolvimento socioemocional e \u00e0 constru\u00e7\u00e3o progressiva da autonomia dos estudantes. Nossos pilares \u2014\u00a0Ensino, Forma\u00e7\u00e3o e Viv\u00eancia da Espiritualidade Crist\u00e3\u00a0\u2014 orientam toda a pr\u00e1tica pedag\u00f3gica, unindo conhecimento, valores e prop\u00f3sito de vida no cotidiano escolar. Contamos com o\u00a0Programa Bil\u00edngue, [&hellip;]<\/p>\n","protected":false},"author":1,"featured_media":0,"parent":0,"menu_order":0,"comment_status":"closed","ping_status":"closed","template":"","meta":{"footnotes":""},"class_list":["post-1563","page","type-page","status-publish","hentry"],"yoast_head":"<!-- This site is optimized with the Yoast SEO plugin v26.2 - https:\/\/yoast.com\/wordpress\/plugins\/seo\/ -->\n<title>ENSINO FUNDAMENTAL ANOS INICIAIS - Col\u00e9gio Magnum<\/title>\n<meta name=\"robots\" content=\"index, follow, max-snippet:-1, max-image-preview:large, max-video-preview:-1\" \/>\n<link rel=\"canonical\" href=\"https:\/\/www.magnum.com.br\/?page_id=1563\" \/>\n<meta property=\"og:locale\" content=\"pt_BR\" \/>\n<meta property=\"og:type\" content=\"article\" \/>\n<meta property=\"og:title\" content=\"ENSINO FUNDAMENTAL ANOS INICIAIS - Col\u00e9gio Magnum\" \/>\n<meta property=\"og:description\" content=\"[vc_row][vc_column][vc_column_text css=&#8221;&#8221;] O Ensino Fundamental \u2013 Anos Iniciais \u00e9 marcado por uma forma\u00e7\u00e3o acad\u00eamica consistente, integrada ao desenvolvimento socioemocional e \u00e0 constru\u00e7\u00e3o progressiva da autonomia dos estudantes. Nossos pilares \u2014\u00a0Ensino, Forma\u00e7\u00e3o e Viv\u00eancia da Espiritualidade Crist\u00e3\u00a0\u2014 orientam toda a pr\u00e1tica pedag\u00f3gica, unindo conhecimento, valores e prop\u00f3sito de vida no cotidiano escolar. Contamos com o\u00a0Programa Bil\u00edngue, [&hellip;]\" \/>\n<meta property=\"og:url\" content=\"https:\/\/www.magnum.com.br\/?page_id=1563\" \/>\n<meta property=\"og:site_name\" content=\"Col\u00e9gio Magnum\" \/>\n<meta property=\"article:modified_time\" content=\"2026-02-23T20:33:55+00:00\" \/>\n<meta name=\"twitter:card\" content=\"summary_large_image\" \/>\n<meta name=\"twitter:label1\" content=\"Est. tempo de leitura\" \/>\n\t<meta name=\"twitter:data1\" content=\"2 minutos\" \/>\n<script type=\"application\/ld+json\" class=\"yoast-schema-graph\">{\"@context\":\"https:\/\/schema.org\",\"@graph\":[{\"@type\":\"WebPage\",\"@id\":\"https:\/\/www.magnum.com.br\/?page_id=1563\",\"url\":\"https:\/\/www.magnum.com.br\/?page_id=1563\",\"name\":\"ENSINO FUNDAMENTAL ANOS INICIAIS - Col\u00e9gio Magnum\",\"isPartOf\":{\"@id\":\"https:\/\/www.magnum.com.br\/#website\"},\"datePublished\":\"2022-07-24T14:28:23+00:00\",\"dateModified\":\"2026-02-23T20:33:55+00:00\",\"breadcrumb\":{\"@id\":\"https:\/\/www.magnum.com.br\/?page_id=1563#breadcrumb\"},\"inLanguage\":\"pt-BR\",\"potentialAction\":[{\"@type\":\"ReadAction\",\"target\":[\"https:\/\/www.magnum.com.br\/?page_id=1563\"]}]},{\"@type\":\"BreadcrumbList\",\"@id\":\"https:\/\/www.magnum.com.br\/?page_id=1563#breadcrumb\",\"itemListElement\":[{\"@type\":\"ListItem\",\"position\":1,\"name\":\"In\u00edcio\",\"item\":\"https:\/\/www.magnum.com.br\/\"},{\"@type\":\"ListItem\",\"position\":2,\"name\":\"ENSINO FUNDAMENTAL ANOS INICIAIS\"}]},{\"@type\":\"WebSite\",\"@id\":\"https:\/\/www.magnum.com.br\/#website\",\"url\":\"https:\/\/www.magnum.com.br\/\",\"name\":\"Col\u00e9gio Magnum\",\"description\":\"\",\"potentialAction\":[{\"@type\":\"SearchAction\",\"target\":{\"@type\":\"EntryPoint\",\"urlTemplate\":\"https:\/\/www.magnum.com.br\/?s={search_term_string}\"},\"query-input\":{\"@type\":\"PropertyValueSpecification\",\"valueRequired\":true,\"valueName\":\"search_term_string\"}}],\"inLanguage\":\"pt-BR\"}]}<\/script>\n<!-- \/ Yoast SEO plugin. -->","yoast_head_json":{"title":"ENSINO FUNDAMENTAL ANOS INICIAIS - Col\u00e9gio Magnum","robots":{"index":"index","follow":"follow","max-snippet":"max-snippet:-1","max-image-preview":"max-image-preview:large","max-video-preview":"max-video-preview:-1"},"canonical":"https:\/\/www.magnum.com.br\/?page_id=1563","og_locale":"pt_BR","og_type":"article","og_title":"ENSINO FUNDAMENTAL ANOS INICIAIS - Col\u00e9gio Magnum","og_description":"[vc_row][vc_column][vc_column_text css=&#8221;&#8221;] O Ensino Fundamental \u2013 Anos Iniciais \u00e9 marcado por uma forma\u00e7\u00e3o acad\u00eamica consistente, integrada ao desenvolvimento socioemocional e \u00e0 constru\u00e7\u00e3o progressiva da autonomia dos estudantes. Nossos pilares \u2014\u00a0Ensino, Forma\u00e7\u00e3o e Viv\u00eancia da Espiritualidade Crist\u00e3\u00a0\u2014 orientam toda a pr\u00e1tica pedag\u00f3gica, unindo conhecimento, valores e prop\u00f3sito de vida no cotidiano escolar. Contamos com o\u00a0Programa Bil\u00edngue, [&hellip;]","og_url":"https:\/\/www.magnum.com.br\/?page_id=1563","og_site_name":"Col\u00e9gio Magnum","article_modified_time":"2026-02-23T20:33:55+00:00","twitter_card":"summary_large_image","twitter_misc":{"Est. tempo de leitura":"2 minutos"},"schema":{"@context":"https:\/\/schema.org","@graph":[{"@type":"WebPage","@id":"https:\/\/www.magnum.com.br\/?page_id=1563","url":"https:\/\/www.magnum.com.br\/?page_id=1563","name":"ENSINO FUNDAMENTAL ANOS INICIAIS - Col\u00e9gio Magnum","isPartOf":{"@id":"https:\/\/www.magnum.com.br\/#website"},"datePublished":"2022-07-24T14:28:23+00:00","dateModified":"2026-02-23T20:33:55+00:00","breadcrumb":{"@id":"https:\/\/www.magnum.com.br\/?page_id=1563#breadcrumb"},"inLanguage":"pt-BR","potentialAction":[{"@type":"ReadAction","target":["https:\/\/www.magnum.com.br\/?page_id=1563"]}]},{"@type":"BreadcrumbList","@id":"https:\/\/www.magnum.com.br\/?page_id=1563#breadcrumb","itemListElement":[{"@type":"ListItem","position":1,"name":"In\u00edcio","item":"https:\/\/www.magnum.com.br\/"},{"@type":"ListItem","position":2,"name":"ENSINO FUNDAMENTAL ANOS INICIAIS"}]},{"@type":"WebSite","@id":"https:\/\/www.magnum.com.br\/#website","url":"https:\/\/www.magnum.com.br\/","name":"Col\u00e9gio Magnum","description":"","potentialAction":[{"@type":"SearchAction","target":{"@type":"EntryPoint","urlTemplate":"https:\/\/www.magnum.com.br\/?s={search_term_string}"},"query-input":{"@type":"PropertyValueSpecification","valueRequired":true,"valueName":"search_term_string"}}],"inLanguage":"pt-BR"}]}},"_links":{"self":[{"href":"https:\/\/www.magnum.com.br\/index.php?rest_route=\/wp\/v2\/pages\/1563","targetHints":{"allow":["GET"]}}],"collection":[{"href":"https:\/\/www.magnum.com.br\/index.php?rest_route=\/wp\/v2\/pages"}],"about":[{"href":"https:\/\/www.magnum.com.br\/index.php?rest_route=\/wp\/v2\/types\/page"}],"author":[{"embeddable":true,"href":"https:\/\/www.magnum.com.br\/index.php?rest_route=\/wp\/v2\/users\/1"}],"replies":[{"embeddable":true,"href":"https:\/\/www.magnum.com.br\/index.php?rest_route=%2Fwp%2Fv2%2Fcomments&post=1563"}],"version-history":[{"count":7,"href":"https:\/\/www.magnum.com.br\/index.php?rest_route=\/wp\/v2\/pages\/1563\/revisions"}],"predecessor-version":[{"id":2704,"href":"https:\/\/www.magnum.com.br\/index.php?rest_route=\/wp\/v2\/pages\/1563\/revisions\/2704"}],"wp:attachment":[{"href":"https:\/\/www.magnum.com.br\/index.php?rest_route=%2Fwp%2Fv2%2Fmedia&parent=1563"}],"curies":[{"name":"wp","href":"https:\/\/api.w.org\/{rel}","templated":true}]}}